{"id":16,"date":"2022-07-07T10:46:26","date_gmt":"2022-07-07T08:46:26","guid":{"rendered":"http:\/\/delademocratieenmetropoledelyon.fr\/?page_id=16"},"modified":"2022-09-16T18:41:49","modified_gmt":"2022-09-16T16:41:49","slug":"qui-sommes-nous","status":"publish","type":"page","link":"http:\/\/delademocratieenmetropoledelyon.fr\/?page_id=16","title":{"rendered":"Qui sommes nous ?"},"content":{"rendered":"\n<p class=\"has-large-font-size\"><em><strong>De la D\u00e9mocratie en M\u00e9tropole de Lyon,<\/strong> <\/em>c\u2019est une association<strong> d\u2019habitants du Grand Lyon int\u00e9ress\u00e9s par la chose publique m\u00e9tropolitaine<\/strong>.&nbsp;<\/p>\n\n\n\n<p class=\"has-large-font-size\">Universitaires, militants, collaborateurs d\u2019\u00e9lus, journalistes, anciens \u00e9lus\u2026 tous sont convaincus que <strong>la m\u00e9tropole de Lyon est une aventure unique<\/strong>, <strong>une avanc\u00e9e d\u00e9mocratique<\/strong>, sans doute fragile, et qu\u2019il convient de questionner afin de la consolider.&nbsp;<\/p>\n\n\n\n<p class=\"has-large-font-size\">Ici, <strong>aucun parti pris partisan<\/strong>, si ce n\u2019est celui de la d\u00e9mocratie repr\u00e9sentative.<\/p>\n\n\n\n<p class=\"has-large-font-size\"><\/p>\n","protected":false},"excerpt":{"rendered":"<p>De la D\u00e9mocratie en M\u00e9tropole de Lyon, c\u2019est une association d\u2019habitants du Grand Lyon int\u00e9ress\u00e9s par la chose publique m\u00e9tropolitaine.&nbsp; Universitaires, militants, collaborateurs d\u2019\u00e9lus, journalistes, anciens \u00e9lus\u2026 tous sont convaincus que la m\u00e9tropole de Lyon est une aventure unique, une avanc\u00e9e d\u00e9mocratique, sans doute fragile, et qu\u2019il convient de questionner afin de la consolider.&nbsp; Ici, &hellip; <\/p>\n<p class=\"link-more\"><a href=\"http:\/\/delademocratieenmetropoledelyon.fr\/?page_id=16\" class=\"more-link\">Continue reading<span class=\"screen-reader-text\"> &#8220;Qui sommes nous ?&#8221;<\/span><\/a><\/p>\n","protected":false},"author":1,"featured_media":37,"parent":0,"menu_order":0,"comment_status":"closed","ping_status":"closed","template":"","meta":{"footnotes":""},"class_list":["post-16","page","type-page","status-publish","has-post-thumbnail","hentry"],"_links":{"self":[{"href":"http:\/\/delademocratieenmetropoledelyon.fr\/index.php?rest_route=\/wp\/v2\/pages\/16","targetHints":{"allow":["GET"]}}],"collection":[{"href":"http:\/\/delademocratieenmetropoledelyon.fr\/index.php?rest_route=\/wp\/v2\/pages"}],"about":[{"href":"http:\/\/delademocratieenmetropoledelyon.fr\/index.php?rest_route=\/wp\/v2\/types\/page"}],"author":[{"embeddable":true,"href":"http:\/\/delademocratieenmetropoledelyon.fr\/index.php?rest_route=\/wp\/v2\/users\/1"}],"replies":[{"embeddable":true,"href":"http:\/\/delademocratieenmetropoledelyon.fr\/index.php?rest_route=%2Fwp%2Fv2%2Fcomments&post=16"}],"version-history":[{"count":10,"href":"http:\/\/delademocratieenmetropoledelyon.fr\/index.php?rest_route=\/wp\/v2\/pages\/16\/revisions"}],"predecessor-version":[{"id":207,"href":"http:\/\/delademocratieenmetropoledelyon.fr\/index.php?rest_route=\/wp\/v2\/pages\/16\/revisions\/207"}],"wp:featuredmedia":[{"embeddable":true,"href":"http:\/\/delademocratieenmetropoledelyon.fr\/index.php?rest_route=\/wp\/v2\/media\/37"}],"wp:attachment":[{"href":"http:\/\/delademocratieenmetropoledelyon.fr\/index.php?rest_route=%2Fwp%2Fv2%2Fmedia&parent=16"}],"curies":[{"name":"wp","href":"https:\/\/api.w.org\/{rel}","templated":true}]}}